{"id":52,"date":"2014-10-29T17:16:44","date_gmt":"2014-10-29T17:16:44","guid":{"rendered":"http:\/\/www.iluminacionledmalaga.com\/?page_id=52"},"modified":"2015-02-26T10:59:32","modified_gmt":"2015-02-26T10:59:32","slug":"politica-de-privacidad","status":"publish","type":"page","link":"https:\/\/www.iluminacionledmalaga.com\/politica-de-privacidad\/","title":{"rendered":"Privacy policy"},"content":{"rendered":"<div class=\"entry-content\">\n<p><strong>Aviso Legal<\/strong><\/p>\n<p>\u00a9 Ledandwind. Todos los derechos reservados.<\/p>\n<p><strong>1. Datos de la empresa.<\/strong><\/p>\n<p>De conformidad con lo dispuesto en la Ley Org\u00e1nica 15\/1999, de Protecci\u00f3n de Datos de Car\u00e1cter Personal (LOPD) y su normativa de desarrollo, el responsable del sitio web, en cumplimiento de lo dispuesto en el art. 5 y 6 de la LOPD, informa a todos los usuarios del sitio web que faciliten o vayan a facilitar sus datos personales, que estos ser\u00e1n incorporados en un fichero automatizado que se encuentra debidamente inscrito en la Agencia Espa\u00f1ola de Protecci\u00f3n de Datos.<br \/>\nLos usuarios, mediante la marcaci\u00f3n de la casilla, aceptan expresamente y de forma libre e inequ\u00edvoca que sus datos personales sean tratados por parte del prestador para realizar las siguientes finalidades:<\/p>\n<p>Remisi\u00f3n de comunicaciones comerciales publicitarias por e-mail, fax, SMS, MMS, comunidades sociales o cualesquier otro medio electr\u00f3nico o f\u00edsico, presente o futuro, que posibilite realizar comunicaci\u00f3n comerciales. Dichas comunicaciones comerciales ser\u00e1n relacionadas sobre productos o servicios ofrecidos por el prestador, as\u00ed como por parte de los colaboradores o parthners con los que \u00e9ste hubiera alcanzado alg\u00fan acuerdo de promoci\u00f3n comercial entre sus clientes. En este caso, los terceros nunca tendr\u00e1n acceso a los datos personales. En todo caso las comunicaciones comerciales ser\u00e1n realizadas por parte del prestador y ser\u00e1n de productos y servicios relacionados con el sector del prestador.<\/p>\n<p>Realizar estudios estad\u00edsticos.<br \/>\nTramitar encargos, solicitudes o cualquier tipo de petici\u00f3n que sea realizada por el usuario a trav\u00e9s de cualquiera de las formas de contacto que se ponen a disposici\u00f3n del usuario en el sitio web de la compa\u00f1\u00eda.<br \/>\nRemitir el bolet\u00edn de noticias de la p\u00e1gina web.<\/p>\n<p>El prestador informa y garantiza expresamente a los usuarios que sus datos personales no ser\u00e1n cedidos en ning\u00fan caso a terceras compa\u00f1\u00edas, y que siempre que fuera a realizarse alg\u00fan tipo de cesi\u00f3n de datos personales, de forma previa, se solicitar\u00eda el consentimiento expreso, informado, e inequ\u00edvoco por parte de los titulares.<\/p>\n<p>Todos los datos solicitados a trav\u00e9s del sitio web son obligatorios, ya que son necesarios para la prestaci\u00f3n de un servicio \u00f3ptimo al usuario. En caso de que no sean facilitados todos los datos, el prestador no garantiza que la informaci\u00f3n y servicios facilitados sean completamente ajustados a sus necesidades.<\/p>\n<p>El prestador garantiza en todo caso al usuario el ejercicio de los derechos de acceso, rectificaci\u00f3n, cancelaci\u00f3n, informaci\u00f3n y oposici\u00f3n, en los t\u00e9rminos dispuestos en la legislaci\u00f3n vigente. Por ello, de conformidad con lo dispuesto en la Ley Org\u00e1nica 15\/1999, de Protecci\u00f3n de Datos de Car\u00e1cter Personal (LOPD) podr\u00e1 ejercer sus derechos remitiendo una solicitud expresa, junto a una copia de su DNI, a trav\u00e9s de los siguientes medios:<\/p>\n<p>Por email info@iluminacionledM\u00e1laga.com<br \/>\nPor correo postal a la direcci\u00f3n Calle Farmac\u00e9utico Antonio Mata 32, 29016 M\u00e1laga, Espa\u00f1a<\/p>\n<p>Del mismo modo, el prestador ha adoptado todas las medidas t\u00e9cnicas y de organizaci\u00f3n necesarias para garantizar la seguridad e integridad de los datos de car\u00e1cter personal que trate, as\u00ed como para evitar su p\u00e9rdida, alteraci\u00f3n y\/o acceso por parte de terceros no autorizados.<\/p>\n<p><strong>USO DE COOKIES Y DEL FICHERO DE ACTIVIDAD<\/strong><\/p>\n<p>El prestador por su propia cuenta o la de un tercero contratado para la prestaci\u00f3n de servicios de medici\u00f3n, pueden utilizar cookies cuando un usuario navega por el sitio web. Las cookies son ficheros enviados al navegador por medio de un servidor web con la finalidad de registrar las actividades del usuario durante su tiempo de navegaci\u00f3n.<\/p>\n<p>Las cookies utilizadas por el sitio web se asocian \u00fanicamente con un usuario an\u00f3nimo y su ordenador, y no proporcionan por s\u00ed mismas los datos personales del usuario.<\/p>\n<p>Mediante el uso de las cookies resulta posible que el servidor donde se encuentra la web, reconozca el navegador web utilizado por el usuario con la finalidad de que la navegaci\u00f3n sea m\u00e1s sencilla, permitiendo, por ejemplo, el acceso a los usuarios que se hayan registrado previamente, acceder a las \u00e1reas, servicios, promociones o concursos reservados exclusivamente a ellos sin tener que registrarse en cada visita. Se utilizan tambi\u00e9n para medir la audiencia y par\u00e1metros del tr\u00e1fico, controlar el progreso y n\u00famero de entradas.<\/p>\n<p>El usuario tiene la posibilidad de configurar su navegador para ser avisado de la recepci\u00f3n de cookies y para impedir su instalaci\u00f3n en su equipo. Por favor, consulte las instrucciones y manuales de su navegador para ampliar esta informaci\u00f3n.<\/p>\n<p>Para utilizar el sitio web, no resulta necesario que el usuario permita la instalaci\u00f3n de las cookies enviadas por el sitio web, o el tercero que act\u00fae en su nombre, sin perjuicio de que sea necesario que el usuario inicie una sesi\u00f3n como tal en cada uno de los servicios cuya prestaci\u00f3n requiera el previo registro o \u201clogin\u201d.<\/p>\n<p>Las cookies utilizadas en este sitio web tienen, en todo caso, car\u00e1cter temporal con la \u00fanica finalidad de hacer m\u00e1s eficaz su transmisi\u00f3n ulterior. En ning\u00fan caso se utilizar\u00e1n las cookies para recoger informaci\u00f3n de car\u00e1cter personal.<\/p>\n<p><strong>DIRECCIONES IP<\/strong><\/p>\n<p>Los servidores del sitio web podr\u00e1n detectar de manera autom\u00e1tica la direcci\u00f3n IP y el nombre de dominio utilizados por el usuario. Una direcci\u00f3n IP es un n\u00famero asignado autom\u00e1ticamente a un ordenador cuando \u00e9sta se conecta a Internet. Toda esta informaci\u00f3n es registrada en un fichero de actividad del servidor debidamente inscrito que permite el posterior procesamiento de los datos con el fin de obtener mediciones \u00fanicamente estad\u00edsticas que permitan conocer el n\u00famero de impresiones de p\u00e1ginas, el n\u00famero de visitas realizadas a los servicios web, el orden de visitas, el punto de acceso, etc.<\/p>\n<p><strong>SEGURIDAD<\/strong><\/p>\n<p>El sitio web utiliza t\u00e9cnicas de seguridad de la informaci\u00f3n generalmente aceptadas en la industria, tales como firewalls, procedimientos de control de acceso y mecanismos criptogr\u00e1ficos, todo ello con el objeto de evitar el acceso no autorizado a los datos. Para lograr estos fines, el usuario\/cliente acepta que el prestador obtenga datos para efectos de la correspondiente autenticaci\u00f3n de los controles de acceso.<\/p>\n<\/div>\n","protected":false},"excerpt":{"rendered":"<p>Aviso Legal \u00a9 Ledandwind. Todos los derechos reservados. 1. Datos de la empresa. De conformidad con lo dispuesto en la [&hellip;]<\/p>\n","protected":false},"author":1,"featured_media":0,"parent":0,"menu_order":0,"comment_status":"open","ping_status":"open","template":"","meta":{"_acf_changed":false,"footnotes":""},"categories":[17],"tags":[],"class_list":["post-52","page","type-page","status-publish","hentry","category-paginas-genericas"],"acf":[],"yoast_head":"<!-- This site is optimized with the Yoast SEO plugin v27.2 - https:\/\/yoast.com\/product\/yoast-seo-wordpress\/ -->\n<title>(Espa\u00f1ol) Pol\u00edtica de privacidadPrivacy policy -[:][:]<\/title>\n<meta name=\"description\" content=\"(Espa\u00f1ol) Aviso Legal \u00a9 Ledandwind. Todos los derechos reservados. 1. Datos de la empresa. De conformidad con lo dispuesto en la Ley Org\u00e1nica 15\/1999, de Protecci\u00f3n[:][:]\" \/>\n<meta name=\"robots\" content=\"index, follow, max-snippet:-1, max-image-preview:large, max-video-preview:-1\" \/>\n<link rel=\"canonical\" href=\"https:\/\/www.iluminacionledmalaga.com\/politica-de-privacidad\/\" \/>\n<meta property=\"og:locale\" content=\"en_US\" \/>\n<meta property=\"og:locale:alternate\" content=\"en_US\" \/>\n<meta property=\"og:type\" content=\"article\" \/>\n<meta property=\"og:title\" content=\"(Espa\u00f1ol) Pol\u00edtica de privacidadPrivacy policy -[:][:]\" \/>\n<meta property=\"og:description\" content=\"(Espa\u00f1ol) Aviso Legal \u00a9 Ledandwind. Todos los derechos reservados. 1. Datos de la empresa. De conformidad con lo dispuesto en la Ley Org\u00e1nica 15\/1999, de Protecci\u00f3n[:][:]\" \/>\n<meta property=\"og:url\" content=\"https:\/\/www.iluminacionledmalaga.com\/politica-de-privacidad\/\" \/>\n<meta property=\"og:site_name\" content=\"Iluminaci\u00f3n led en M\u00e1laga | Decoraci\u00f3n profesional\" \/>\n<meta property=\"article:modified_time\" content=\"2015-02-26T10:59:32+00:00\" \/>\n<meta name=\"twitter:card\" content=\"summary_large_image\" \/>\n<meta name=\"twitter:label1\" content=\"Est. reading time\" \/>\n\t<meta name=\"twitter:data1\" content=\"11 minutes\" \/>\n<script type=\"application\/ld+json\" class=\"yoast-schema-graph\">{\"@context\":\"https:\/\/schema.org\",\"@graph\":[{\"@type\":\"WebPage\",\"@id\":\"https:\/\/www.iluminacionledmalaga.com\/en\/politica-de-privacidad\/\",\"url\":\"https:\/\/www.iluminacionledmalaga.com\/en\/politica-de-privacidad\/\",\"name\":\"(Espa\u00f1ol) Pol\u00edtica de privacidadPrivacy policy -[:][:]\",\"isPartOf\":{\"@id\":\"http:\/\/www.iluminacionledmalaga.com\/#website\"},\"datePublished\":\"2014-10-29T17:16:44+00:00\",\"dateModified\":\"2015-02-26T10:59:32+00:00\",\"description\":\"(Espa\u00f1ol) Aviso Legal \u00a9 Ledandwind. Todos los derechos reservados. 1. Datos de la empresa. De conformidad con lo dispuesto en la Ley Org\u00e1nica 15\/1999, de Protecci\u00f3n[:][:]\",\"breadcrumb\":{\"@id\":\"https:\/\/www.iluminacionledmalaga.com\/en\/politica-de-privacidad\/#breadcrumb\"},\"inLanguage\":\"en-US\",\"potentialAction\":[{\"@type\":\"ReadAction\",\"target\":[\"https:\/\/www.iluminacionledmalaga.com\/en\/politica-de-privacidad\/\"]}]},{\"@type\":\"BreadcrumbList\",\"@id\":\"https:\/\/www.iluminacionledmalaga.com\/en\/politica-de-privacidad\/#breadcrumb\",\"itemListElement\":[{\"@type\":\"ListItem\",\"position\":1,\"name\":\"(Espa\u00f1ol) Portada[:][:]\",\"item\":\"http:\/\/www.iluminacionledmalaga.com\/\"},{\"@type\":\"ListItem\",\"position\":2,\"name\":\"Privacy policy\"}]},{\"@type\":\"WebSite\",\"@id\":\"http:\/\/www.iluminacionledmalaga.com\/#website\",\"url\":\"http:\/\/www.iluminacionledmalaga.com\/\",\"name\":\"Iluminaci\u00f3n led en M\u00e1laga | Decoraci\u00f3n profesional\",\"description\":\"Empresa de iluminaci\u00f3n led profesional en M\u00e1laga, trabajamos la iluminaci\u00f3n en panader\u00edas, iluminaci\u00f3n en tiendas y comunidades, al mejor precio.\",\"potentialAction\":[{\"@type\":\"SearchAction\",\"target\":{\"@type\":\"EntryPoint\",\"urlTemplate\":\"http:\/\/www.iluminacionledmalaga.com\/?s={search_term_string}\"},\"query-input\":{\"@type\":\"PropertyValueSpecification\",\"valueRequired\":true,\"valueName\":\"search_term_string\"}}],\"inLanguage\":\"en-US\"}]}<\/script>\n<!-- \/ Yoast SEO plugin. -->","yoast_head_json":{"title":"(Espa\u00f1ol) Pol\u00edtica de privacidadPrivacy policy -[:][:]","description":"(Espa\u00f1ol) Aviso Legal \u00a9 Ledandwind. Todos los derechos reservados. 1. Datos de la empresa. De conformidad con lo dispuesto en la Ley Org\u00e1nica 15\/1999, de Protecci\u00f3n[:][:]","robots":{"index":"index","follow":"follow","max-snippet":"max-snippet:-1","max-image-preview":"max-image-preview:large","max-video-preview":"max-video-preview:-1"},"canonical":"https:\/\/www.iluminacionledmalaga.com\/politica-de-privacidad\/","og_locale":"en_US","og_type":"article","og_title":"(Espa\u00f1ol) Pol\u00edtica de privacidadPrivacy policy -[:][:]","og_description":"(Espa\u00f1ol) Aviso Legal \u00a9 Ledandwind. Todos los derechos reservados. 1. Datos de la empresa. De conformidad con lo dispuesto en la Ley Org\u00e1nica 15\/1999, de Protecci\u00f3n[:][:]","og_url":"https:\/\/www.iluminacionledmalaga.com\/politica-de-privacidad\/","og_site_name":"Iluminaci\u00f3n led en M\u00e1laga | Decoraci\u00f3n profesional","article_modified_time":"2015-02-26T10:59:32+00:00","twitter_card":"summary_large_image","twitter_misc":{"Est. reading time":"11 minutes"},"schema":{"@context":"https:\/\/schema.org","@graph":[{"@type":"WebPage","@id":"https:\/\/www.iluminacionledmalaga.com\/en\/politica-de-privacidad\/","url":"https:\/\/www.iluminacionledmalaga.com\/en\/politica-de-privacidad\/","name":"(Espa\u00f1ol) Pol\u00edtica de privacidadPrivacy policy -[:][:]","isPartOf":{"@id":"http:\/\/www.iluminacionledmalaga.com\/#website"},"datePublished":"2014-10-29T17:16:44+00:00","dateModified":"2015-02-26T10:59:32+00:00","description":"(Espa\u00f1ol) Aviso Legal \u00a9 Ledandwind. Todos los derechos reservados. 1. Datos de la empresa. De conformidad con lo dispuesto en la Ley Org\u00e1nica 15\/1999, de Protecci\u00f3n[:][:]","breadcrumb":{"@id":"https:\/\/www.iluminacionledmalaga.com\/en\/politica-de-privacidad\/#breadcrumb"},"inLanguage":"en-US","potentialAction":[{"@type":"ReadAction","target":["https:\/\/www.iluminacionledmalaga.com\/en\/politica-de-privacidad\/"]}]},{"@type":"BreadcrumbList","@id":"https:\/\/www.iluminacionledmalaga.com\/en\/politica-de-privacidad\/#breadcrumb","itemListElement":[{"@type":"ListItem","position":1,"name":"(Espa\u00f1ol) Portada[:][:]","item":"http:\/\/www.iluminacionledmalaga.com\/"},{"@type":"ListItem","position":2,"name":"Privacy policy"}]},{"@type":"WebSite","@id":"http:\/\/www.iluminacionledmalaga.com\/#website","url":"http:\/\/www.iluminacionledmalaga.com\/","name":"Iluminaci\u00f3n led en M\u00e1laga | Decoraci\u00f3n profesional","description":"Empresa de iluminaci\u00f3n led profesional en M\u00e1laga, trabajamos la iluminaci\u00f3n en panader\u00edas, iluminaci\u00f3n en tiendas y comunidades, al mejor precio.","potentialAction":[{"@type":"SearchAction","target":{"@type":"EntryPoint","urlTemplate":"http:\/\/www.iluminacionledmalaga.com\/?s={search_term_string}"},"query-input":{"@type":"PropertyValueSpecification","valueRequired":true,"valueName":"search_term_string"}}],"inLanguage":"en-US"}]}},"_links":{"self":[{"href":"https:\/\/www.iluminacionledmalaga.com\/wp-json\/wp\/v2\/pages\/52","targetHints":{"allow":["GET"]}}],"collection":[{"href":"https:\/\/www.iluminacionledmalaga.com\/wp-json\/wp\/v2\/pages"}],"about":[{"href":"https:\/\/www.iluminacionledmalaga.com\/wp-json\/wp\/v2\/types\/page"}],"author":[{"embeddable":true,"href":"https:\/\/www.iluminacionledmalaga.com\/wp-json\/wp\/v2\/users\/1"}],"replies":[{"embeddable":true,"href":"https:\/\/www.iluminacionledmalaga.com\/wp-json\/wp\/v2\/comments?post=52"}],"version-history":[{"count":2,"href":"https:\/\/www.iluminacionledmalaga.com\/wp-json\/wp\/v2\/pages\/52\/revisions"}],"predecessor-version":[{"id":369,"href":"https:\/\/www.iluminacionledmalaga.com\/wp-json\/wp\/v2\/pages\/52\/revisions\/369"}],"wp:attachment":[{"href":"https:\/\/www.iluminacionledmalaga.com\/wp-json\/wp\/v2\/media?parent=52"}],"wp:term":[{"taxonomy":"category","embeddable":true,"href":"https:\/\/www.iluminacionledmalaga.com\/wp-json\/wp\/v2\/categories?post=52"},{"taxonomy":"post_tag","embeddable":true,"href":"https:\/\/www.iluminacionledmalaga.com\/wp-json\/wp\/v2\/tags?post=52"}],"curies":[{"name":"wp","href":"https:\/\/api.w.org\/{rel}","templated":true}]}}